{"id":12,"date":"2023-07-25T17:10:53","date_gmt":"2023-07-25T15:10:53","guid":{"rendered":"https:\/\/www.benjamin-harfst.de\/?page_id=12"},"modified":"2026-02-13T12:20:23","modified_gmt":"2026-02-13T11:20:23","slug":"home","status":"publish","type":"page","link":"https:\/\/www.benjamin-harfst.de\/es\/","title":{"rendered":"Cirujano ortop\u00e9dico, cirujano de rodilla certificado y traumat\u00f3logo en Wetzlar"},"content":{"rendered":"<p><div class=\"fusion-fullwidth fullwidth-box fusion-builder-row-1 fusion-flex-container has-pattern-background has-mask-background hundred-percent-fullwidth non-hundred-percent-height-scrolling\" style=\"--awb-background-position:right center;--awb-background-blend-mode:multiply;--awb-background-blend-mode-medium:screen;--awb-background-blend-mode-small:screen;--awb-border-radius-top-left:0px;--awb-border-radius-top-right:0px;--awb-border-radius-bottom-right:0px;--awb-border-radius-bottom-left:0px;--awb-padding-right:4px;--awb-padding-left:0px;--awb-min-height:600px;--awb-background-color:var(--awb-custom_color_4);--awb-flex-wrap:wrap;\" ><div class=\"fusion-builder-row fusion-row fusion-flex-align-items-stretch fusion-flex-justify-content-space-between fusion-flex-content-wrap\" style=\"width:calc( 100% + 0px ) !important;max-width:calc( 100% + 0px ) !important;margin-left: calc(-0px \/ 2 );margin-right: calc(-0px \/ 2 );\"><div class=\"fusion-layout-column fusion_builder_column fusion-builder-column-0 fusion_builder_column_1_3 1_3 fusion-flex-column\" style=\"--awb-padding-top-small:350px;--awb-bg-image:url(&#039;https:\/\/www.benjamin-harfst.de\/wp-content\/uploads\/2024\/02\/Benjamin_Harfst-800x919.jpg&#039;);--awb-bg-position:center top;--awb-bg-blend:overlay;--awb-bg-size:cover;--awb-width-large:33.333333333333%;--awb-margin-top-large:0px;--awb-spacing-right-large:0px;--awb-margin-bottom-large:0px;--awb-spacing-left-large:calc( 0 * calc( 100% - 0px ) );--awb-width-medium:50%;--awb-order-medium:0;--awb-spacing-right-medium:0px;--awb-spacing-left-medium:calc( 0 * calc( 100% - 0px ) );--awb-width-small:100%;--awb-order-small:0;--awb-spacing-right-small:0px;--awb-spacing-left-small:0px;\"><div class=\"fusion-column-wrapper fusion-column-has-shadow fusion-flex-justify-content-flex-end fusion-content-layout-column fusion-column-has-bg-image\" data-bg-url=\"https:\/\/www.benjamin-harfst.de\/wp-content\/uploads\/2024\/02\/Benjamin_Harfst-800x919.jpg\"><div class=\"fusion-title title fusion-title-1 fusion-sep-none fusion-title-text fusion-title-size-one\" style=\"--awb-text-color:rgba(214,220,244,0);--awb-margin-top-small:10px;--awb-margin-right-small:0px;--awb-margin-bottom-small:10px;--awb-margin-left-small:0px;--awb-font-size:0px;\"><h1 class=\"fusion-title-heading title-heading-left fusion-responsive-typography-calculated\" style=\"margin:0;--fontSize:64;line-height:var(--awb-typography1-line-height);\">Dr. med.<br \/>\nBenjamin Harfst<\/h1><\/div><div class=\"fusion-image-element\" style=\"text-align:center;--awb-margin-bottom:30px;--awb-max-width:250px;--awb-caption-title-font-family:var(--h2_typography-font-family);--awb-caption-title-font-weight:var(--h2_typography-font-weight);--awb-caption-title-font-style:var(--h2_typography-font-style);--awb-caption-title-size:var(--h2_typography-font-size);--awb-caption-title-transform:var(--h2_typography-text-transform);--awb-caption-title-line-height:var(--h2_typography-line-height);--awb-caption-title-letter-spacing:var(--h2_typography-letter-spacing);\"><span class=\"fusion-imageframe imageframe-none imageframe-1 hover-type-none\"><img decoding=\"async\" width=\"523\" height=\"184\" title=\"DKG-Logo-Kniechirurg-2022-1\" src=\"https:\/\/www.benjamin-harfst.de\/wp-content\/uploads\/2024\/02\/DKG-Logo-Kniechirurg-2022-1.webp\" alt class=\"img-responsive wp-image-334\" srcset=\"https:\/\/www.benjamin-harfst.de\/wp-content\/uploads\/2024\/02\/DKG-Logo-Kniechirurg-2022-1-200x70.webp 200w, https:\/\/www.benjamin-harfst.de\/wp-content\/uploads\/2024\/02\/DKG-Logo-Kniechirurg-2022-1-400x141.webp 400w, https:\/\/www.benjamin-harfst.de\/wp-content\/uploads\/2024\/02\/DKG-Logo-Kniechirurg-2022-1.webp 523w\" sizes=\"(max-width: 640px) 100vw, 523px\" \/><\/span><\/div><\/div><\/div><div class=\"fusion-layout-column fusion_builder_column fusion-builder-column-1 fusion_builder_column_2_3 2_3 fusion-flex-column fusion-flex-align-self-stretch\" style=\"--awb-padding-top-small:50px;--awb-padding-bottom-small:50px;--awb-bg-image:url(&#039;https:\/\/www.benjamin-harfst.de\/wp-content\/uploads\/2024\/02\/Knie-Hero-800x525.png&#039;);--awb-bg-position:center center;--awb-bg-size:cover;--awb-width-large:66.666666666667%;--awb-margin-top-large:0px;--awb-spacing-right-large:calc( 0.0015 * calc( 100% - 0px ) );--awb-margin-bottom-large:0px;--awb-spacing-left-large:calc( 0 * calc( 100% - 0px ) );--awb-width-medium:50%;--awb-order-medium:0;--awb-spacing-right-medium:calc( 0.002 * calc( 100% - 0px ) );--awb-spacing-left-medium:calc( 0 * calc( 100% - 0px ) );--awb-width-small:100%;--awb-order-small:0;--awb-spacing-right-small:0px;--awb-spacing-left-small:0px;\"><div class=\"fusion-column-wrapper fusion-column-has-shadow fusion-flex-justify-content-center fusion-content-layout-column fusion-column-has-bg-image\" data-bg-url=\"https:\/\/www.benjamin-harfst.de\/wp-content\/uploads\/2024\/02\/Knie-Hero-800x525.png\"><div class=\"fusion-image-element\" style=\"text-align:center;--awb-margin-right:30%;--awb-margin-left:30px;--awb-margin-right-medium:30px;--awb-margin-left-small:30px;--awb-max-width:400px;--awb-caption-title-font-family:var(--h2_typography-font-family);--awb-caption-title-font-weight:var(--h2_typography-font-weight);--awb-caption-title-font-style:var(--h2_typography-font-style);--awb-caption-title-size:var(--h2_typography-font-size);--awb-caption-title-transform:var(--h2_typography-text-transform);--awb-caption-title-line-height:var(--h2_typography-line-height);--awb-caption-title-letter-spacing:var(--h2_typography-letter-spacing);\"><span class=\"fusion-imageframe imageframe-none imageframe-2 hover-type-none\"><img decoding=\"async\" width=\"481\" height=\"482\" title=\"texto redondo\" src=\"https:\/\/www.benjamin-harfst.de\/wp-content\/uploads\/2026\/02\/rundtxt.png\" alt class=\"img-responsive wp-image-473\" srcset=\"https:\/\/www.benjamin-harfst.de\/wp-content\/uploads\/2026\/02\/rundtxt-200x200.png 200w, https:\/\/www.benjamin-harfst.de\/wp-content\/uploads\/2026\/02\/rundtxt-400x401.png 400w, https:\/\/www.benjamin-harfst.de\/wp-content\/uploads\/2026\/02\/rundtxt.png 481w\" sizes=\"(max-width: 640px) 100vw, 481px\" \/><\/span><\/div><\/div><\/div><\/div><\/div><div class=\"fusion-fullwidth fullwidth-box fusion-builder-row-2 fusion-flex-container has-pattern-background has-mask-background nonhundred-percent-fullwidth non-hundred-percent-height-scrolling\" style=\"--awb-border-radius-top-left:0px;--awb-border-radius-top-right:0px;--awb-border-radius-bottom-right:0px;--awb-border-radius-bottom-left:0px;--awb-padding-top:58px;--awb-background-color:#ecf47c;--awb-flex-wrap:wrap;\" ><div class=\"fusion-builder-row fusion-row fusion-flex-align-items-flex-start fusion-flex-content-wrap\" style=\"max-width:1456px;margin-left: calc(-4% \/ 2 );margin-right: calc(-4% \/ 2 );\"><div class=\"fusion-layout-column fusion_builder_column fusion-builder-column-2 fusion_builder_column_1_1 1_1 fusion-flex-column\" style=\"--awb-bg-size:cover;--awb-width-large:100%;--awb-margin-top-large:0px;--awb-spacing-right-large:1.92%;--awb-margin-bottom-large:20px;--awb-spacing-left-large:1.92%;--awb-width-medium:100%;--awb-order-medium:0;--awb-spacing-right-medium:1.92%;--awb-spacing-left-medium:1.92%;--awb-width-small:100%;--awb-order-small:0;--awb-spacing-right-small:1.92%;--awb-spacing-left-small:1.92%;\"><div class=\"fusion-column-wrapper fusion-column-has-shadow fusion-flex-justify-content-flex-start fusion-content-layout-column\"><div class=\"fusion-title title fusion-title-2 fusion-sep-none fusion-title-text fusion-title-size-one\" style=\"--awb-text-color:var(--awb-color8);--awb-margin-top:0px;--awb-margin-top-small:10px;--awb-margin-right-small:0px;--awb-margin-bottom-small:10px;--awb-margin-left-small:0px;--awb-font-size:40px;\"><h1 class=\"fusion-title-heading title-heading-left fusion-responsive-typography-calculated\" style=\"margin:0;letter-spacing:2px;text-transform:uppercase;font-size:1em;--fontSize:40;line-height:var(--awb-typography1-line-height);\">NOS HEMOS TRASLADADO<\/h1><\/div><\/div><\/div><div class=\"fusion-layout-column fusion_builder_column fusion-builder-column-3 fusion_builder_column_1_2 1_2 fusion-flex-column\" style=\"--awb-bg-size:cover;--awb-width-large:50%;--awb-margin-top-large:0px;--awb-spacing-right-large:3.84%;--awb-margin-bottom-large:20px;--awb-spacing-left-large:3.84%;--awb-width-medium:50%;--awb-order-medium:0;--awb-spacing-right-medium:3.84%;--awb-spacing-left-medium:3.84%;--awb-width-small:100%;--awb-order-small:0;--awb-spacing-right-small:1.92%;--awb-spacing-left-small:1.92%;\"><div class=\"fusion-column-wrapper fusion-column-has-shadow fusion-flex-justify-content-flex-start fusion-content-layout-column\"><div class=\"fusion-text fusion-text-1\"><p>Praxis Reload: nuevo comienzo en Ehringshausen.<br \/>\nA veces los cambios suceden m\u00e1s r\u00e1pido de lo previsto. La pr\u00e1ctica ortop\u00e9dica del Dr. Benjamin Harfst est\u00e1 ahora disponible para usted en una nueva ubicaci\u00f3n.<\/p>\n<p><b>En los locales de la<br \/>\nConsulta de ortopedia Dr. Georg Springmann<br \/>\nen el hospital KAV Ehringshausen<br \/>\nDIRECCI\u00d3N: Stegwiese 27, 35630 Ehringshausen, 1\u00aa planta<\/b><\/p>\n<p>El cambio de ubicaci\u00f3n de la consulta se produjo con poca antelaci\u00f3n. Desgraciadamente, todas las citas concertadas en la consulta anterior de Wetzlar han tenido que ser anuladas. Lo lamentamos mucho y le damos las gracias<br \/>\nMuchas gracias por su comprensi\u00f3n.<\/p>\n<\/div><\/div><\/div><div class=\"fusion-layout-column fusion_builder_column fusion-builder-column-4 fusion_builder_column_1_2 1_2 fusion-flex-column\" style=\"--awb-bg-size:cover;--awb-width-large:50%;--awb-margin-top-large:0px;--awb-spacing-right-large:3.84%;--awb-margin-bottom-large:20px;--awb-spacing-left-large:3.84%;--awb-width-medium:50%;--awb-order-medium:0;--awb-spacing-right-medium:3.84%;--awb-spacing-left-medium:3.84%;--awb-width-small:100%;--awb-order-small:0;--awb-spacing-right-small:1.92%;--awb-spacing-left-small:1.92%;\"><div class=\"fusion-column-wrapper fusion-column-has-shadow fusion-flex-justify-content-flex-start fusion-content-layout-column\"><div class=\"fusion-text fusion-text-2\"><p><b>IMPORTANTE<\/b><br \/>\nTodas las citas deben ser reprogramadas.<\/p>\n<p>Las citas s\u00f3lo se pueden reservar a trav\u00e9s de Doctolib. Estamos a su disposici\u00f3n como de costumbre en nuestra nueva ubicaci\u00f3n y esperamos darle la bienvenida a nuestras nuevas instalaciones.<\/p>\n<\/div><div ><a class=\"fusion-button button-flat fusion-button-default-size button-default fusion-button-default button-1 fusion-button-default-span fusion-button-default-type\" style=\"--button_margin-bottom:10px;\" target=\"_blank\" rel=\"noopener noreferrer\" href=\"https:\/\/www.doctolib.de\/teilfachgebiet-orthopaedie\/wetzlar\/benjamin-harfst-wetzlar\/booking\/insurance-sector?pid=practice-133036&amp;telehealth=false&amp;placeId=practice-133036&amp;specialityId=1581\"><span class=\"fusion-button-text awb-button__text awb-button__text--default\">Reservar cita<\/span><i class=\"icon-Doctolib-logo awb-button__icon awb-button__icon--default button-icon-right\" aria-hidden=\"true\"><\/i><\/a><\/div>\n<div class=\"fusion-text fusion-text-3\"><p><span style=\"letter-spacing: 0.27px; background-color: rgba(0, 0, 0, 0);\">Gracias por su confianza.<br \/>\n<\/span><span style=\"letter-spacing: 0.27px; background-color: rgba(0, 0, 0, 0);\">Atentamente, Dr. Benjamin Harfst<\/span><\/p>\n<\/div><\/div><\/div><\/div><\/div><div id=\"ueber\" class=\"fusion-container-anchor\"><div class=\"fusion-fullwidth fullwidth-box fusion-builder-row-3 fusion-flex-container has-pattern-background has-mask-background nonhundred-percent-fullwidth non-hundred-percent-height-scrolling\" style=\"--awb-border-radius-top-left:0px;--awb-border-radius-top-right:0px;--awb-border-radius-bottom-right:0px;--awb-border-radius-bottom-left:0px;--awb-padding-top:12vh;--awb-padding-bottom:6vh;--awb-background-color:var(--awb-color1);--awb-flex-wrap:wrap;\" ><div class=\"fusion-builder-row fusion-row fusion-flex-align-items-flex-start fusion-flex-justify-content-flex-end fusion-flex-content-wrap\" style=\"max-width:1456px;margin-left: calc(-4% \/ 2 );margin-right: calc(-4% \/ 2 );\"><div class=\"fusion-layout-column fusion_builder_column fusion-builder-column-5 fusion_builder_column_1_3 1_3 fusion-flex-column\" style=\"--awb-bg-size:cover;--awb-width-large:33.333333333333%;--awb-margin-top-large:0px;--awb-spacing-right-large:5.76%;--awb-margin-bottom-large:0px;--awb-spacing-left-large:5.76%;--awb-width-medium:75%;--awb-order-medium:0;--awb-spacing-right-medium:2.56%;--awb-spacing-left-medium:2.56%;--awb-width-small:100%;--awb-order-small:0;--awb-spacing-right-small:1.92%;--awb-spacing-left-small:1.92%;\"><div class=\"fusion-column-wrapper fusion-column-has-shadow fusion-flex-justify-content-flex-start fusion-content-layout-column\"><div class=\"fusion-title title fusion-title-3 fusion-sep-none fusion-title-text fusion-title-size-one\" style=\"--awb-text-color:var(--awb-color8);--awb-margin-top:0px;--awb-margin-top-small:10px;--awb-margin-right-small:0px;--awb-margin-bottom-small:10px;--awb-margin-left-small:0px;--awb-font-size:40px;\"><h1 class=\"fusion-title-heading title-heading-left fusion-responsive-typography-calculated\" style=\"margin:0;letter-spacing:2px;text-transform:uppercase;font-size:1em;--fontSize:40;line-height:var(--awb-typography1-line-height);\">Bienvenido a<\/h1><\/div><div class=\"fusion-title title fusion-title-4 fusion-sep-none fusion-title-text fusion-title-size-two\" style=\"--awb-margin-bottom:30px;--awb-margin-top-small:10px;--awb-margin-right-small:0px;--awb-margin-bottom-small:0px;--awb-margin-left-small:0px;--awb-font-size:20px;\"><h2 class=\"fusion-title-heading title-heading-left fusion-responsive-typography-calculated\" style=\"font-family:var(--awb-typography1-font-family);font-weight:var(--awb-typography1-font-weight);font-style:var(--awb-typography1-font-style);margin:0;letter-spacing:var(--awb-typography1-letter-spacing);text-transform:uppercase;font-size:1em;--fontSize:20;line-height:1.5;\">Ortopedista, cirujano certificado de rodilla y traumat\u00f3logo || Ehringshausen<\/h2><\/div><\/div><\/div><div class=\"fusion-layout-column fusion_builder_column fusion-builder-column-6 fusion_builder_column_2_3 2_3 fusion-flex-column\" style=\"--awb-bg-size:cover;--awb-width-large:66.666666666667%;--awb-margin-top-large:0px;--awb-spacing-right-large:2.88%;--awb-margin-bottom-large:20px;--awb-spacing-left-large:2.88%;--awb-width-medium:75%;--awb-order-medium:0;--awb-spacing-right-medium:2.56%;--awb-spacing-left-medium:2.56%;--awb-width-small:100%;--awb-order-small:0;--awb-spacing-right-small:1.92%;--awb-spacing-left-small:1.92%;\"><div class=\"fusion-column-wrapper fusion-column-has-shadow fusion-flex-justify-content-flex-start fusion-content-layout-column\"><div class=\"fusion-text fusion-text-4\"><\/div><div class=\"fusion-text fusion-text-5\" style=\"--awb-text-color:var(--awb-color8);\"><p>Estimados pacientes,<br \/>\n<span style=\"color: var(--awb-text-color); font-family: var(--awb-text-font-family); font-size: var(--awb-font-size); font-style: var(--awb-text-font-style); font-weight: var(--awb-text-font-weight); letter-spacing: var(--awb-letter-spacing); text-align: var(--awb-content-alignment); text-transform: var(--awb-text-transform); background-color: var(--awb-bg-color-hover);\">Puede acudir a m\u00ed con problemas ortop\u00e9dicos y de cirug\u00eda de accidentes de todo tipo. Mis tratamientos se centran en las enfermedades de las articulaciones de la rodilla y la cadera.<\/span><\/p>\n<p>En mi consulta, concedo gran importancia a la adaptaci\u00f3n hol\u00edstica e individualizada de las distintas formas de terapia. Junto con usted, sopesamos cuidadosamente las distintas opciones modernas de terapia conservadora antes de considerar un tratamiento quir\u00fargico. El objetivo de todos los tratamientos es mantener o restablecer la funci\u00f3n de su articulaci\u00f3n el mayor tiempo posible. - Para que todo vuelva a ir sobre ruedas.<\/p>\n<p>Muchos a\u00f1os de experiencia quir\u00fargica, tambi\u00e9n en puestos de direcci\u00f3n en hospitales y centros m\u00e9dicos, as\u00ed como una amplia formaci\u00f3n continuada, garantizan un alto nivel de especializaci\u00f3n con el que estar\u00e9 encantada de ayudarle.<\/p>\n<p>Espero su visita.<br \/>\nDr. Benjamin Harfst, especialista en ortopedia y traumatolog\u00eda<\/p>\n<\/div><\/div><\/div><\/div><\/div><\/div><div class=\"fusion-fullwidth fullwidth-box fusion-builder-row-4 fusion-flex-container has-pattern-background has-mask-background hundred-percent-fullwidth non-hundred-percent-height-scrolling\" style=\"--awb-background-position:left center;--awb-background-position-small:left center;--awb-background-blend-mode-medium:color-burn;--awb-background-blend-mode-small:color-burn;--awb-border-radius-top-left:0px;--awb-border-radius-top-right:0px;--awb-border-radius-bottom-right:0px;--awb-border-radius-bottom-left:0px;--awb-padding-left-medium:6px;--awb-padding-right-small:0px;--awb-min-height:450px;--awb-background-color:#ede8e6;--awb-flex-wrap:wrap;\" ><div class=\"fusion-builder-row fusion-row fusion-flex-align-items-stretch fusion-flex-justify-content-space-between fusion-flex-content-wrap\" style=\"width:104% !important;max-width:104% !important;margin-left: calc(-4% \/ 2 );margin-right: calc(-4% \/ 2 );\"><div class=\"fusion-layout-column fusion_builder_column fusion-builder-column-7 fusion_builder_column_1_3 1_3 fusion-flex-column\" style=\"--awb-padding-left-medium:0px;--awb-padding-right-small:30px;--awb-padding-left-small:30px;--awb-bg-color:var(--awb-custom_color_4);--awb-bg-color-hover:var(--awb-custom_color_4);--awb-bg-image:url(&#039;https:\/\/www.benjamin-harfst.de\/wp-content\/uploads\/2024\/02\/Huefte-bb-links-1200x1014.jpg&#039;);--awb-bg-position:left center;--awb-bg-size:cover;--awb-width-large:33.333333333333%;--awb-margin-top-large:0px;--awb-spacing-right-large:0%;--awb-margin-bottom-large:0px;--awb-spacing-left-large:0.576%;--awb-width-medium:33.333333333333%;--awb-order-medium:0;--awb-spacing-right-medium:0%;--awb-spacing-left-medium:0%;--awb-width-small:100%;--awb-order-small:0;--awb-spacing-right-small:0px;--awb-spacing-left-small:0px;\"><div class=\"fusion-column-wrapper fusion-column-has-shadow fusion-flex-justify-content-center fusion-content-layout-column fusion-column-has-bg-image\" data-bg-url=\"https:\/\/www.benjamin-harfst.de\/wp-content\/uploads\/2024\/02\/Huefte-bb-links-1200x1014.jpg\"><div class=\"fusion-title title fusion-title-5 fusion-no-medium-visibility fusion-no-large-visibility fusion-sep-none fusion-title-center fusion-title-text fusion-title-size-one zeilenlaenge\" style=\"--awb-text-color:var(--awb-color1);--awb-margin-top-small:10px;--awb-margin-right-small:0px;--awb-margin-bottom-small:10px;--awb-margin-left-small:0px;--awb-font-size:38px;\"><h1 class=\"fusion-title-heading title-heading-center fusion-responsive-typography-calculated\" style=\"font-family:&quot;Albert Sans&quot;;font-style:normal;font-weight:700;margin:0;text-transform:uppercase;font-size:1em;--fontSize:38;line-height:var(--awb-typography1-line-height);\">\" Las articulaciones y los m\u00fasculos humanos son maravillas t\u00e9cnicas. \"<\/h1><\/div><\/div><\/div><div class=\"fusion-layout-column fusion_builder_column fusion-builder-column-8 fusion_builder_column_2_3 2_3 fusion-flex-column fusion-no-small-visibility\" style=\"--awb-padding-right:12%;--awb-padding-left:12%;--awb-bg-size:cover;--awb-width-large:66.666666666667%;--awb-margin-top-large:0px;--awb-spacing-right-large:2.88%;--awb-margin-bottom-large:0px;--awb-spacing-left-large:2.88%;--awb-width-medium:66.666666666667%;--awb-order-medium:0;--awb-spacing-right-medium:2.88%;--awb-spacing-left-medium:2.88%;--awb-width-small:100%;--awb-order-small:0;--awb-spacing-right-small:1.92%;--awb-spacing-left-small:1.92%;\"><div class=\"fusion-column-wrapper fusion-column-has-shadow fusion-flex-justify-content-center fusion-content-layout-column\"><div class=\"fusion-title title fusion-title-6 fusion-sep-none fusion-title-center fusion-title-text fusion-title-size-one\" style=\"--awb-text-color:var(--awb-color1);--awb-margin-top-small:10px;--awb-margin-right-small:0px;--awb-margin-bottom-small:10px;--awb-margin-left-small:0px;--awb-font-size:45px;\"><h1 class=\"fusion-title-heading title-heading-center fusion-responsive-typography-calculated\" style=\"font-family:&quot;Albert Sans&quot;;font-style:normal;font-weight:700;margin:0;letter-spacing:2px;text-transform:uppercase;font-size:1em;--fontSize:45;line-height:1.3;\">\" Las articulaciones y los m\u00fasculos humanos son maravillas t\u00e9cnicas. \"<\/h1><\/div><\/div><\/div><\/div><\/div><div id=\"leistungen\" class=\"fusion-container-anchor\"><div class=\"fusion-fullwidth fullwidth-box fusion-builder-row-5 fusion-flex-container has-pattern-background has-mask-background nonhundred-percent-fullwidth non-hundred-percent-height-scrolling\" style=\"--awb-border-radius-top-left:0px;--awb-border-radius-top-right:0px;--awb-border-radius-bottom-right:0px;--awb-border-radius-bottom-left:0px;--awb-padding-top:100px;--awb-padding-bottom:0px;--awb-background-color:var(--awb-color1);--awb-flex-wrap:wrap;\" ><div class=\"fusion-builder-row fusion-row fusion-flex-align-items-flex-start fusion-flex-content-wrap\" style=\"max-width:1456px;margin-left: calc(-4% \/ 2 );margin-right: calc(-4% \/ 2 );\"><div class=\"fusion-layout-column fusion_builder_column fusion-builder-column-9 fusion_builder_column_2_3 2_3 fusion-flex-column\" style=\"--awb-bg-size:cover;--awb-width-large:66.666666666667%;--awb-margin-top-large:0px;--awb-spacing-right-large:2.88%;--awb-margin-bottom-large:20px;--awb-spacing-left-large:2.88%;--awb-width-medium:66.666666666667%;--awb-order-medium:0;--awb-spacing-right-medium:2.88%;--awb-spacing-left-medium:2.88%;--awb-width-small:100%;--awb-order-small:0;--awb-spacing-right-small:1.92%;--awb-spacing-left-small:1.92%;\"><div class=\"fusion-column-wrapper fusion-column-has-shadow fusion-flex-justify-content-flex-start fusion-content-layout-column\"><div class=\"fusion-title title fusion-title-7 fusion-sep-none fusion-title-text fusion-title-size-two\" style=\"--awb-margin-top-small:10px;--awb-margin-right-small:0px;--awb-margin-bottom-small:10px;--awb-margin-left-small:0px;\"><h2 class=\"fusion-title-heading title-heading-left fusion-responsive-typography-calculated\" style=\"margin:0;--fontSize:36;line-height:var(--awb-typography2-line-height);\">Servicios conservadores<\/h2><\/div><div class=\"fusion-text fusion-text-6\"><p>Las articulaciones y los m\u00fasculos humanos son maravillas t\u00e9cnicas. Por desgracia, los accidentes o las cargas incorrectas prolongadas suelen provocar da\u00f1os en los cart\u00edlagos y un desgaste prematuro de las articulaciones. Esto se traduce en dolor, restricci\u00f3n o incluso p\u00e9rdida de la funci\u00f3n articular. En nuestra consulta, le ofrezco una amplia gama de formas conservadoras de terapia que pueden ayudar a mejorar sus s\u00edntomas de forma individualizada.<\/p>\n<\/div><\/div><\/div><\/div><\/div><\/div><div class=\"fusion-fullwidth fullwidth-box fusion-builder-row-6 fusion-flex-container has-pattern-background has-mask-background nonhundred-percent-fullwidth non-hundred-percent-height-scrolling\" style=\"--awb-border-radius-top-left:0px;--awb-border-radius-top-right:0px;--awb-border-radius-bottom-right:0px;--awb-border-radius-bottom-left:0px;--awb-flex-wrap:wrap;\" ><div class=\"fusion-builder-row fusion-row fusion-flex-align-items-stretch fusion-flex-content-wrap\" style=\"max-width:calc( 1400px + 30px );margin-left: calc(-30px \/ 2 );margin-right: calc(-30px \/ 2 );\"><div class=\"fusion-layout-column fusion_builder_column fusion-builder-column-10 fusion_builder_column_1_3 1_3 fusion-flex-column\" style=\"--awb-padding-top:20px;--awb-padding-right:30px;--awb-padding-bottom:20px;--awb-padding-left:30px;--awb-bg-color:var(--awb-custom_color_3);--awb-bg-color-hover:var(--awb-custom_color_3);--awb-bg-size:cover;--awb-border-color:var(--awb-color5);--awb-border-style:solid;--awb-width-large:33.333333333333%;--awb-margin-top-large:0px;--awb-spacing-right-large:15px;--awb-margin-bottom-large:20px;--awb-spacing-left-large:15px;--awb-width-medium:33.333333333333%;--awb-order-medium:0;--awb-spacing-right-medium:15px;--awb-spacing-left-medium:15px;--awb-width-small:100%;--awb-order-small:0;--awb-spacing-right-small:15px;--awb-spacing-left-small:15px;\"><div class=\"fusion-column-wrapper fusion-column-has-shadow fusion-flex-justify-content-flex-start fusion-content-layout-column\"><div class=\"fusion-title title fusion-title-8 fusion-sep-none fusion-title-text fusion-title-size-three\" style=\"--awb-margin-top-small:10px;--awb-margin-right-small:0px;--awb-margin-bottom-small:10px;--awb-margin-left-small:0px;\"><h3 class=\"fusion-title-heading title-heading-left fusion-responsive-typography-calculated\" style=\"margin:0;--fontSize:20;line-height:var(--awb-typography2-line-height);\">Prestaciones en met\u00e1lico<\/h3><\/div><div class=\"fusion-text fusion-text-7\"><ul>\n<li>Ortopedia<\/li>\n<li>Cirug\u00eda traumatol\u00f3gica<\/li>\n<li>Terapia quiropr\u00e1ctica<\/li>\n<li>Tratamiento conservador de la artrosis<\/li>\n<li>Ortopedia deportiva<\/li>\n<li>Diagn\u00f3stico por rayos X<\/li>\n<\/ul>\n<\/div><\/div><\/div><div class=\"fusion-layout-column fusion_builder_column fusion-builder-column-11 fusion_builder_column_1_2 1_2 fusion-flex-column\" style=\"--awb-padding-top:20px;--awb-padding-right:30px;--awb-padding-bottom:20px;--awb-padding-left:30px;--awb-bg-color:var(--awb-custom_color_3);--awb-bg-color-hover:var(--awb-custom_color_3);--awb-bg-size:cover;--awb-border-color:var(--awb-color5);--awb-border-style:solid;--awb-width-large:50%;--awb-margin-top-large:0px;--awb-spacing-right-large:15px;--awb-margin-bottom-large:20px;--awb-spacing-left-large:15px;--awb-width-medium:66.666666666667%;--awb-order-medium:1;--awb-spacing-right-medium:15px;--awb-spacing-left-medium:15px;--awb-width-small:100%;--awb-order-small:0;--awb-spacing-right-small:15px;--awb-spacing-left-small:15px;\"><div class=\"fusion-column-wrapper fusion-column-has-shadow fusion-flex-justify-content-flex-start fusion-content-layout-column\"><div class=\"fusion-title title fusion-title-9 fusion-sep-none fusion-title-text fusion-title-size-three\" style=\"--awb-margin-top-small:10px;--awb-margin-right-small:0px;--awb-margin-bottom-small:10px;--awb-margin-left-small:0px;\"><h3 class=\"fusion-title-heading title-heading-left fusion-responsive-typography-calculated\" style=\"margin:0;--fontSize:20;line-height:var(--awb-typography2-line-height);\">PRIVADO Y AUTOPAGADOR<\/h3><\/div><div class=\"fusion-text fusion-text-8 awb-text-cols fusion-text-columns-2\" style=\"--awb-columns:2;--awb-column-spacing:2em;--awb-column-min-width:250px;\"><ul>\n<li>Terapia de ondas de choque<\/li>\n<li>Cinta kinesiotape<\/li>\n<li>Terapia con \u00e1cido hialor\u00f3nico<\/li>\n<li>Acupuntura<\/li>\n<li>Terapia neural<\/li>\n<li>Ventosas<\/li>\n<li>Ecograf\u00eda articular<\/li>\n<\/ul>\n<\/div><\/div><\/div><\/div><\/div><div class=\"fusion-fullwidth fullwidth-box fusion-builder-row-7 fusion-flex-container has-pattern-background has-mask-background nonhundred-percent-fullwidth non-hundred-percent-height-scrolling\" style=\"--awb-border-radius-top-left:0px;--awb-border-radius-top-right:0px;--awb-border-radius-bottom-right:0px;--awb-border-radius-bottom-left:0px;--awb-padding-top:75px;--awb-padding-bottom:0px;--awb-background-color:var(--awb-color1);--awb-flex-wrap:wrap;\" ><div class=\"fusion-builder-row fusion-row fusion-flex-align-items-flex-start fusion-flex-content-wrap\" style=\"max-width:1456px;margin-left: calc(-4% \/ 2 );margin-right: calc(-4% \/ 2 );\"><div class=\"fusion-layout-column fusion_builder_column fusion-builder-column-12 fusion_builder_column_2_3 2_3 fusion-flex-column\" style=\"--awb-bg-size:cover;--awb-width-large:66.666666666667%;--awb-margin-top-large:0px;--awb-spacing-right-large:2.88%;--awb-margin-bottom-large:20px;--awb-spacing-left-large:2.88%;--awb-width-medium:66.666666666667%;--awb-order-medium:0;--awb-spacing-right-medium:2.88%;--awb-spacing-left-medium:2.88%;--awb-width-small:100%;--awb-order-small:0;--awb-spacing-right-small:1.92%;--awb-spacing-left-small:1.92%;\"><div class=\"fusion-column-wrapper fusion-column-has-shadow fusion-flex-justify-content-flex-start fusion-content-layout-column\"><div class=\"fusion-title title fusion-title-10 fusion-sep-none fusion-title-text fusion-title-size-two\" style=\"--awb-margin-top-small:10px;--awb-margin-right-small:0px;--awb-margin-bottom-small:10px;--awb-margin-left-small:0px;\"><h2 class=\"fusion-title-heading title-heading-left fusion-responsive-typography-calculated\" style=\"margin:0;--fontSize:36;line-height:var(--awb-typography2-line-height);\">Servicios operativos<\/h2><\/div><div class=\"fusion-text fusion-text-9\"><p>Las operaciones ambulatorias como artroscopias de la articulaci\u00f3n de la rodilla o cirug\u00eda de accidentes pueden realizarse sin demora en el KAV Ehringshausen. En el hospital Kaiserinnen-Auguste-Viktoria tambi\u00e9n se realizan tratamientos en r\u00e9gimen de hospitalizaci\u00f3n bajo mi cuidado personal.<\/p>\n<\/div><\/div><\/div><\/div><\/div><div class=\"fusion-fullwidth fullwidth-box fusion-builder-row-8 fusion-flex-container has-pattern-background has-mask-background nonhundred-percent-fullwidth non-hundred-percent-height-scrolling\" style=\"--awb-border-radius-top-left:0px;--awb-border-radius-top-right:0px;--awb-border-radius-bottom-right:0px;--awb-border-radius-bottom-left:0px;--awb-padding-top:0px;--awb-padding-bottom:75px;--awb-background-color:var(--awb-color1);--awb-flex-wrap:wrap;\" ><div class=\"fusion-builder-row fusion-row fusion-flex-align-items-stretch fusion-flex-content-wrap\" style=\"max-width:calc( 1400px + 30px );margin-left: calc(-30px \/ 2 );margin-right: calc(-30px \/ 2 );\"><div class=\"fusion-layout-column fusion_builder_column fusion-builder-column-13 fusion_builder_column_1_3 1_3 fusion-flex-column\" style=\"--awb-padding-top:20px;--awb-padding-right:30px;--awb-padding-left:30px;--awb-bg-color:var(--awb-custom_color_4);--awb-bg-color-hover:var(--awb-custom_color_4);--awb-bg-size:cover;--awb-border-color:var(--awb-color5);--awb-border-style:solid;--awb-width-large:33.333333333333%;--awb-margin-top-large:0px;--awb-spacing-right-large:15px;--awb-margin-bottom-large:20px;--awb-spacing-left-large:15px;--awb-width-medium:33.333333333333%;--awb-order-medium:0;--awb-spacing-right-medium:15px;--awb-spacing-left-medium:15px;--awb-width-small:100%;--awb-order-small:0;--awb-spacing-right-small:15px;--awb-spacing-left-small:15px;\"><div class=\"fusion-column-wrapper fusion-column-has-shadow fusion-flex-justify-content-space-between fusion-content-layout-column\"><div class=\"fusion-title title fusion-title-11 fusion-sep-none fusion-title-text fusion-title-size-three\" style=\"--awb-margin-top-small:10px;--awb-margin-right-small:0px;--awb-margin-bottom-small:10px;--awb-margin-left-small:0px;\"><h3 class=\"fusion-title-heading title-heading-left fusion-responsive-typography-calculated\" style=\"margin:0;--fontSize:20;line-height:var(--awb-typography2-line-height);\">Endopr\u00f3tesis de cadera<\/h3><\/div><div class=\"accordian fusion-accordian\" style=\"--awb-border-size:1px;--awb-icon-size:17px;--awb-content-font-size:var(--awb-typography4-font-size);--awb-icon-alignment:right;--awb-hover-color:var(--awb-color2);--awb-border-color:var(--awb-color3);--awb-background-color:var(--awb-color1);--awb-divider-color:var(--awb-custom_color_1);--awb-divider-hover-color:var(--awb-color3);--awb-icon-color:var(--awb-color8);--awb-title-color:var(--awb-color8);--awb-content-color:var(--awb-color8);--awb-icon-box-color:var(--awb-color8);--awb-toggle-hover-accent-color:var(--awb-color5);--awb-title-font-family:&quot;Albert Sans&quot;;--awb-title-font-weight:300;--awb-title-font-style:normal;--awb-title-font-size:17px;--awb-title-letter-spacing:0.015em;--awb-title-line-height:var(--awb-typography1-line-height);--awb-title-text-transform:none;--awb-content-font-family:var(--awb-typography4-font-family);--awb-content-font-weight:var(--awb-typography4-font-weight);--awb-content-font-style:var(--awb-typography4-font-style);\"><div class=\"panel-group fusion-toggle-icon-right fusion-toggle-icon-unboxed\" id=\"accordion-12-1\"><div class=\"fusion-panel panel-default panel-399c7bc6708968487 fusion-toggle-has-divider\"><div class=\"panel-heading\"><h4 class=\"panel-title toggle\" id=\"toggle_399c7bc6708968487\"><a aria-expanded=\"false\" aria-controls=\"399c7bc6708968487\" role=\"button\" data-toggle=\"collapse\" data-parent=\"#accordion-12-1\" data-target=\"#399c7bc6708968487\" href=\"#399c7bc6708968487\"><span class=\"fusion-toggle-icon-wrapper\" aria-hidden=\"true\"><i class=\"fa-fusion-box active-icon awb-icon-minus\" aria-hidden=\"true\"><\/i><i class=\"fa-fusion-box inactive-icon awb-icon-plus\" aria-hidden=\"true\"><\/i><\/span><span class=\"fusion-toggle-heading\">Pr\u00f3tesis de v\u00e1stago corto<\/span><\/a><\/h4><\/div><div id=\"399c7bc6708968487\" class=\"panel-collapse collapse\" aria-labelledby=\"toggle_399c7bc6708968487\"><div class=\"panel-body toggle-content fusion-clearfix\">\n<div class=\"fusion-text fusion-text-6 fusion-text-no-margin\">\n<p>con buena calidad \u00f3sea<\/p>\n<\/div>\n<\/div><\/div><\/div><div class=\"fusion-panel panel-default panel-fe11c499187e726ee fusion-toggle-has-divider\"><div class=\"panel-heading\"><h4 class=\"panel-title toggle\" id=\"toggle_fe11c499187e726ee\"><a aria-expanded=\"false\" aria-controls=\"fe11c499187e726ee\" role=\"button\" data-toggle=\"collapse\" data-parent=\"#accordion-12-1\" data-target=\"#fe11c499187e726ee\" href=\"#fe11c499187e726ee\"><span class=\"fusion-toggle-icon-wrapper\" aria-hidden=\"true\"><i class=\"fa-fusion-box active-icon awb-icon-minus\" aria-hidden=\"true\"><\/i><i class=\"fa-fusion-box inactive-icon awb-icon-plus\" aria-hidden=\"true\"><\/i><\/span><span class=\"fusion-toggle-heading\">Pr\u00f3tesis de v\u00e1stago largo<\/span><\/a><\/h4><\/div><div id=\"fe11c499187e726ee\" class=\"panel-collapse collapse\" aria-labelledby=\"toggle_fe11c499187e726ee\"><div class=\"panel-body toggle-content fusion-clearfix\">\n<p>para el tratamiento de la osteoporosis<\/p>\n<\/div><\/div><\/div><\/div><\/div><div class=\"fusion-separator fusion-full-width-sep\" style=\"align-self: center;margin-left: auto;margin-right: auto;flex-grow:10;width:100%;\"><\/div><div class=\"fusion-text fusion-text-10\" style=\"--awb-font-size:var(--awb-typography5-font-size);--awb-line-height:var(--awb-typography5-line-height);--awb-letter-spacing:var(--awb-typography5-letter-spacing);--awb-text-transform:var(--awb-typography5-text-transform);--awb-margin-top:25px;--awb-text-font-family:var(--awb-typography5-font-family);--awb-text-font-weight:var(--awb-typography5-font-weight);--awb-text-font-style:var(--awb-typography5-font-style);\"><p><strong>Concepto de v\u00eda r\u00e1pida:<\/strong> Abordaje m\u00ednimamente invasivo (sin extirpaci\u00f3n de las inserciones musculares), sin drenaje, anestesia local de las partes blandas (LIA), \u00e1cido tranex\u00e1mico para reducir la p\u00e9rdida de sangre, carga completa inmediata<\/p>\n<\/div><\/div><\/div><div class=\"fusion-layout-column fusion_builder_column fusion-builder-column-14 fusion_builder_column_1_3 1_3 fusion-flex-column\" style=\"--awb-padding-top:20px;--awb-padding-right:30px;--awb-padding-left:30px;--awb-bg-color:var(--awb-custom_color_4);--awb-bg-color-hover:var(--awb-custom_color_4);--awb-bg-size:cover;--awb-border-color:var(--awb-color5);--awb-border-style:solid;--awb-width-large:33.333333333333%;--awb-margin-top-large:0px;--awb-spacing-right-large:15px;--awb-margin-bottom-large:20px;--awb-spacing-left-large:15px;--awb-width-medium:33.333333333333%;--awb-order-medium:0;--awb-spacing-right-medium:15px;--awb-spacing-left-medium:15px;--awb-width-small:100%;--awb-order-small:0;--awb-spacing-right-small:15px;--awb-spacing-left-small:15px;\"><div class=\"fusion-column-wrapper fusion-column-has-shadow fusion-flex-justify-content-flex-start fusion-content-layout-column\"><div class=\"fusion-title title fusion-title-12 fusion-sep-none fusion-title-text fusion-title-size-three\" style=\"--awb-margin-top-small:10px;--awb-margin-right-small:0px;--awb-margin-bottom-small:10px;--awb-margin-left-small:0px;\"><h3 class=\"fusion-title-heading title-heading-left fusion-responsive-typography-calculated\" style=\"margin:0;--fontSize:20;line-height:var(--awb-typography2-line-height);\">Endopr\u00f3tesis de rodilla<\/h3><\/div><div class=\"accordian fusion-accordian\" style=\"--awb-border-size:1px;--awb-icon-size:17px;--awb-content-font-size:var(--awb-typography4-font-size);--awb-icon-alignment:right;--awb-hover-color:var(--awb-color2);--awb-border-color:var(--awb-color3);--awb-background-color:var(--awb-color1);--awb-divider-color:var(--awb-custom_color_1);--awb-divider-hover-color:var(--awb-color3);--awb-icon-color:var(--awb-color8);--awb-title-color:var(--awb-color8);--awb-content-color:var(--awb-color8);--awb-icon-box-color:var(--awb-color8);--awb-toggle-hover-accent-color:var(--awb-color5);--awb-title-font-family:&quot;Albert Sans&quot;;--awb-title-font-weight:300;--awb-title-font-style:normal;--awb-title-font-size:17px;--awb-title-letter-spacing:0.015em;--awb-title-line-height:var(--awb-typography1-line-height);--awb-title-text-transform:none;--awb-content-font-family:var(--awb-typography4-font-family);--awb-content-font-weight:var(--awb-typography4-font-weight);--awb-content-font-style:var(--awb-typography4-font-style);\"><div class=\"panel-group fusion-toggle-icon-right fusion-toggle-icon-unboxed\" id=\"accordion-12-2\"><div class=\"fusion-panel panel-default panel-9bfe982d684d895a7 fusion-toggle-has-divider\"><div class=\"panel-heading\"><h4 class=\"panel-title toggle\" id=\"toggle_9bfe982d684d895a7\"><a aria-expanded=\"false\" aria-controls=\"9bfe982d684d895a7\" role=\"button\" data-toggle=\"collapse\" data-parent=\"#accordion-12-2\" data-target=\"#9bfe982d684d895a7\" href=\"#9bfe982d684d895a7\"><span class=\"fusion-toggle-icon-wrapper\" aria-hidden=\"true\"><i class=\"fa-fusion-box active-icon awb-icon-minus\" aria-hidden=\"true\"><\/i><i class=\"fa-fusion-box inactive-icon awb-icon-plus\" aria-hidden=\"true\"><\/i><\/span><span class=\"fusion-toggle-heading\">Sustituci\u00f3n de superficie bilateral<\/span><\/a><\/h4><\/div><div id=\"9bfe982d684d895a7\" class=\"panel-collapse collapse\" aria-labelledby=\"toggle_9bfe982d684d895a7\"><div class=\"panel-body toggle-content fusion-clearfix\">\n<div class=\"fusion-text fusion-text-6 fusion-text-no-margin\">\n<p>de la articulaci\u00f3n de la rodilla<\/p>\n<\/div>\n<\/div><\/div><\/div><div class=\"fusion-panel panel-default panel-934a34b6f8f68b3d4 fusion-toggle-has-divider\"><div class=\"panel-heading\"><h4 class=\"panel-title toggle\" id=\"toggle_934a34b6f8f68b3d4\"><a aria-expanded=\"false\" aria-controls=\"934a34b6f8f68b3d4\" role=\"button\" data-toggle=\"collapse\" data-parent=\"#accordion-12-2\" data-target=\"#934a34b6f8f68b3d4\" href=\"#934a34b6f8f68b3d4\"><span class=\"fusion-toggle-icon-wrapper\" aria-hidden=\"true\"><i class=\"fa-fusion-box active-icon awb-icon-minus\" aria-hidden=\"true\"><\/i><i class=\"fa-fusion-box inactive-icon awb-icon-plus\" aria-hidden=\"true\"><\/i><\/span><span class=\"fusion-toggle-heading\">Pr\u00f3tesis parcial \/ pr\u00f3tesis de trineo<\/span><\/a><\/h4><\/div><div id=\"934a34b6f8f68b3d4\" class=\"panel-collapse collapse\" aria-labelledby=\"toggle_934a34b6f8f68b3d4\"><div class=\"panel-body toggle-content fusion-clearfix\">\n<p>para la artrosis unilateral de la articulaci\u00f3n de la rodilla<\/p>\n<\/div><\/div><\/div><div class=\"fusion-panel panel-default panel-ad929d33a31639383 fusion-toggle-has-divider\"><div class=\"panel-heading\"><h4 class=\"panel-title toggle\" id=\"toggle_ad929d33a31639383\"><a aria-expanded=\"false\" aria-controls=\"ad929d33a31639383\" role=\"button\" data-toggle=\"collapse\" data-parent=\"#accordion-12-2\" data-target=\"#ad929d33a31639383\" href=\"#ad929d33a31639383\"><span class=\"fusion-toggle-icon-wrapper\" aria-hidden=\"true\"><i class=\"fa-fusion-box active-icon awb-icon-minus\" aria-hidden=\"true\"><\/i><i class=\"fa-fusion-box inactive-icon awb-icon-plus\" aria-hidden=\"true\"><\/i><\/span><span class=\"fusion-toggle-heading\">Cambio de pr\u00f3tesis de rodilla<\/span><\/a><\/h4><\/div><div id=\"ad929d33a31639383\" class=\"panel-collapse collapse\" aria-labelledby=\"toggle_ad929d33a31639383\"><div class=\"panel-body toggle-content fusion-clearfix\">\n<p>por aflojamiento e infecci\u00f3n<\/p>\n<\/div><\/div><\/div><\/div><\/div><div class=\"fusion-separator fusion-full-width-sep\" style=\"align-self: center;margin-left: auto;margin-right: auto;flex-grow:10;width:100%;\"><\/div><div class=\"fusion-text fusion-text-11\" style=\"--awb-font-size:var(--awb-typography5-font-size);--awb-line-height:var(--awb-typography5-line-height);--awb-letter-spacing:var(--awb-typography5-letter-spacing);--awb-text-transform:var(--awb-typography5-text-transform);--awb-margin-top:25px;--awb-text-font-family:var(--awb-typography5-font-family);--awb-text-font-weight:var(--awb-typography5-font-weight);--awb-text-font-style:var(--awb-typography5-font-style);\"><p><strong>Concepto de v\u00eda r\u00e1pida:<\/strong> Sin torniquete, sin drenaje, anestesia local de la articulaci\u00f3n de la rodilla (LIA), \u00e1cido tranex\u00e1mico para reducir la p\u00e9rdida de sangre, carga completa inmediata<\/p>\n<\/div><\/div><\/div><div class=\"fusion-layout-column fusion_builder_column fusion-builder-column-15 fusion_builder_column_1_3 1_3 fusion-flex-column\" style=\"--awb-padding-top:20px;--awb-padding-right:30px;--awb-padding-left:30px;--awb-bg-color:var(--awb-custom_color_4);--awb-bg-color-hover:var(--awb-custom_color_4);--awb-bg-size:cover;--awb-border-color:var(--awb-color5);--awb-border-style:solid;--awb-width-large:33.333333333333%;--awb-margin-top-large:0px;--awb-spacing-right-large:15px;--awb-margin-bottom-large:20px;--awb-spacing-left-large:15px;--awb-width-medium:33.333333333333%;--awb-order-medium:0;--awb-spacing-right-medium:15px;--awb-spacing-left-medium:15px;--awb-width-small:100%;--awb-order-small:0;--awb-spacing-right-small:15px;--awb-spacing-left-small:15px;\"><div class=\"fusion-column-wrapper fusion-column-has-shadow fusion-flex-justify-content-flex-start fusion-content-layout-column\"><div class=\"fusion-title title fusion-title-13 fusion-sep-none fusion-title-text fusion-title-size-three\" style=\"--awb-margin-top-small:10px;--awb-margin-right-small:0px;--awb-margin-bottom-small:10px;--awb-margin-left-small:0px;\"><h3 class=\"fusion-title-heading title-heading-left fusion-responsive-typography-calculated\" style=\"margin:0;--fontSize:20;line-height:var(--awb-typography2-line-height);\">Artroscopia de la articulaci\u00f3n de la rodilla<\/h3><\/div><div class=\"accordian fusion-accordian\" style=\"--awb-border-size:1px;--awb-icon-size:17px;--awb-content-font-size:var(--awb-typography4-font-size);--awb-icon-alignment:right;--awb-hover-color:var(--awb-color2);--awb-border-color:var(--awb-color3);--awb-background-color:var(--awb-color1);--awb-divider-color:var(--awb-custom_color_1);--awb-divider-hover-color:var(--awb-color3);--awb-icon-color:var(--awb-color8);--awb-title-color:var(--awb-color8);--awb-content-color:var(--awb-color8);--awb-icon-box-color:var(--awb-color8);--awb-toggle-hover-accent-color:var(--awb-color5);--awb-title-font-family:&quot;Albert Sans&quot;;--awb-title-font-weight:300;--awb-title-font-style:normal;--awb-title-font-size:17px;--awb-title-letter-spacing:0.015em;--awb-title-line-height:var(--awb-typography1-line-height);--awb-title-text-transform:none;--awb-content-font-family:var(--awb-typography4-font-family);--awb-content-font-weight:var(--awb-typography4-font-weight);--awb-content-font-style:var(--awb-typography4-font-style);\"><div class=\"panel-group fusion-toggle-icon-right fusion-toggle-icon-unboxed\" id=\"accordion-12-3\"><div class=\"fusion-panel panel-default panel-4cfcf754fb3f3352c fusion-toggle-has-divider\"><div class=\"panel-heading\"><h4 class=\"panel-title toggle\" id=\"toggle_4cfcf754fb3f3352c\"><a aria-expanded=\"false\" aria-controls=\"4cfcf754fb3f3352c\" role=\"button\" data-toggle=\"collapse\" data-parent=\"#accordion-12-3\" data-target=\"#4cfcf754fb3f3352c\" href=\"#4cfcf754fb3f3352c\"><span class=\"fusion-toggle-icon-wrapper\" aria-hidden=\"true\"><i class=\"fa-fusion-box active-icon awb-icon-minus\" aria-hidden=\"true\"><\/i><i class=\"fa-fusion-box inactive-icon awb-icon-plus\" aria-hidden=\"true\"><\/i><\/span><span class=\"fusion-toggle-heading\">Terapia del cart\u00edlago<\/span><\/a><\/h4><\/div><div id=\"4cfcf754fb3f3352c\" class=\"panel-collapse collapse\" aria-labelledby=\"toggle_4cfcf754fb3f3352c\"><div class=\"panel-body toggle-content fusion-clearfix\">\n<div class=\"fusion-text fusion-text-6 fusion-text-no-margin\">\n<ul>\n<li>Alisamiento del cart\u00edlago<\/li>\n<li>Microperforaci\u00f3n<\/li>\n<li>Trasplante de cart\u00edlago con el procedimiento OATS<\/li>\n<li>Sustituci\u00f3n de cart\u00edlago con membrana AMIC; Condrogu\u00eda<\/li>\n<li>Cart\u00edlago picado<\/li>\n<li>Condrofiller<\/li>\n<\/ul>\n<\/div>\n<\/div><\/div><\/div><div class=\"fusion-panel panel-default panel-2f1d60ebd6151db92 fusion-toggle-has-divider\"><div class=\"panel-heading\"><h4 class=\"panel-title toggle\" id=\"toggle_2f1d60ebd6151db92\"><a aria-expanded=\"false\" aria-controls=\"2f1d60ebd6151db92\" role=\"button\" data-toggle=\"collapse\" data-parent=\"#accordion-12-3\" data-target=\"#2f1d60ebd6151db92\" href=\"#2f1d60ebd6151db92\"><span class=\"fusion-toggle-icon-wrapper\" aria-hidden=\"true\"><i class=\"fa-fusion-box active-icon awb-icon-minus\" aria-hidden=\"true\"><\/i><i class=\"fa-fusion-box inactive-icon awb-icon-plus\" aria-hidden=\"true\"><\/i><\/span><span class=\"fusion-toggle-heading\">Terapia de menisco<\/span><\/a><\/h4><\/div><div id=\"2f1d60ebd6151db92\" class=\"panel-collapse collapse\" aria-labelledby=\"toggle_2f1d60ebd6151db92\"><div class=\"panel-body toggle-content fusion-clearfix\">\n<div class=\"fusion-text fusion-text-6 fusion-text-no-margin\">\n<ul>\n<li>Todas las posibilidades de <strong>Sutura de menisco<\/strong> y <strong>Resecci\u00f3n parcial <\/strong><\/li>\n<li><strong>Envoltura de menisco<\/strong> para la preservaci\u00f3n del menisco en desgarros de menisco complejos<\/li>\n<li><strong>Refijaci\u00f3n <\/strong>el <strong>Ra\u00edz de menisco <\/strong>en la l\u00e1grima<\/li>\n<\/ul>\n<\/div>\n<\/div><\/div><\/div><div class=\"fusion-panel panel-default panel-a26375ca6f41cd370 fusion-toggle-has-divider\"><div class=\"panel-heading\"><h4 class=\"panel-title toggle\" id=\"toggle_a26375ca6f41cd370\"><a aria-expanded=\"false\" aria-controls=\"a26375ca6f41cd370\" role=\"button\" data-toggle=\"collapse\" data-parent=\"#accordion-12-3\" data-target=\"#a26375ca6f41cd370\" href=\"#a26375ca6f41cd370\"><span class=\"fusion-toggle-icon-wrapper\" aria-hidden=\"true\"><i class=\"fa-fusion-box active-icon awb-icon-minus\" aria-hidden=\"true\"><\/i><i class=\"fa-fusion-box inactive-icon awb-icon-plus\" aria-hidden=\"true\"><\/i><\/span><span class=\"fusion-toggle-heading\">Rotura del ligamento cruzado<\/span><\/a><\/h4><\/div><div id=\"a26375ca6f41cd370\" class=\"panel-collapse collapse\" aria-labelledby=\"toggle_a26375ca6f41cd370\"><div class=\"panel-body toggle-content fusion-clearfix\">\n<div class=\"fusion-text fusion-text-6 fusion-text-no-margin\">\n<ul>\n<li>Sustituci\u00f3n del <strong>Ligamento cruzado anterior<\/strong><\/li>\n<li><strong>Cirug\u00eda de revisi\u00f3n<\/strong> y sustituci\u00f3n renovada tras <strong>Rotura m\u00faltiple del ligamento cruzado<\/strong><\/li>\n<li><strong>Relleno \u00f3seo<\/strong> de los canales de perforaci\u00f3n antes de volver a fijar el ligamento cruzado anterior.<\/li>\n<\/ul>\n<\/div>\n<\/div><\/div><\/div><div class=\"fusion-panel panel-default panel-9d1d95b793f22ef4c fusion-toggle-has-divider\" style=\"--awb-content-text-transform:none;--awb-title-text-transform:none;\"><div class=\"panel-heading\"><h4 class=\"panel-title toggle\" id=\"toggle_9d1d95b793f22ef4c\"><a aria-expanded=\"false\" aria-controls=\"9d1d95b793f22ef4c\" role=\"button\" data-toggle=\"collapse\" data-parent=\"#accordion-12-3\" data-target=\"#9d1d95b793f22ef4c\" href=\"#9d1d95b793f22ef4c\"><span class=\"fusion-toggle-icon-wrapper\" aria-hidden=\"true\"><i class=\"fa-fusion-box active-icon awb-icon-minus\" aria-hidden=\"true\"><\/i><i class=\"fa-fusion-box inactive-icon awb-icon-plus\" aria-hidden=\"true\"><\/i><\/span><span class=\"fusion-toggle-heading\">Inestabilidad y luxaci\u00f3n rotuliana<\/span><\/a><\/h4><\/div><div id=\"9d1d95b793f22ef4c\" class=\"panel-collapse collapse\" aria-labelledby=\"toggle_9d1d95b793f22ef4c\"><div class=\"panel-body toggle-content fusion-clearfix\">\n<div class=\"fusion-text fusion-text-6 fusion-text-no-margin\">\n<ul>\n<li><strong>Pl\u00e1stico MPFL <\/strong>en<strong> inestabilidad rotuliana <\/strong>y <strong>Luxaci\u00f3n rotuliana \u00a0<\/strong>est\u00e1tica y din\u00e1mica posible<\/li>\n<li><strong>Desplazamiento de la tuberosidad <\/strong>Por malposici\u00f3n de la r\u00f3tula<\/li>\n<\/ul>\n<\/div>\n<\/div><\/div><\/div><div class=\"fusion-panel panel-default panel-3144d83be69d4477e fusion-toggle-has-divider\"><div class=\"panel-heading\"><h4 class=\"panel-title toggle\" id=\"toggle_3144d83be69d4477e\"><a aria-expanded=\"false\" aria-controls=\"3144d83be69d4477e\" role=\"button\" data-toggle=\"collapse\" data-parent=\"#accordion-12-3\" data-target=\"#3144d83be69d4477e\" href=\"#3144d83be69d4477e\"><span class=\"fusion-toggle-icon-wrapper\" aria-hidden=\"true\"><i class=\"fa-fusion-box active-icon awb-icon-minus\" aria-hidden=\"true\"><\/i><i class=\"fa-fusion-box inactive-icon awb-icon-plus\" aria-hidden=\"true\"><\/i><\/span><span class=\"fusion-toggle-heading\">Desalineaci\u00f3n axial: pierna arqueada, rodilla en tonel<\/span><\/a><\/h4><\/div><div id=\"3144d83be69d4477e\" class=\"panel-collapse collapse\" aria-labelledby=\"toggle_3144d83be69d4477e\"><div class=\"panel-body toggle-content fusion-clearfix\">\n<div class=\"fusion-text fusion-text-6 fusion-text-no-margin\">\n<ul>\n<li><strong>Osteotom\u00edas de reposicionamiento <\/strong>tanto tibial como femoral<\/li>\n<\/ul>\n<\/div>\n<\/div><\/div><\/div><\/div><\/div><div class=\"fusion-text fusion-text-12\" style=\"--awb-font-size:var(--awb-typography5-font-size);--awb-line-height:var(--awb-typography5-line-height);--awb-letter-spacing:var(--awb-typography5-letter-spacing);--awb-text-transform:var(--awb-typography5-text-transform);--awb-margin-top:25px;--awb-text-font-family:var(--awb-typography5-font-family);--awb-text-font-weight:var(--awb-typography5-font-weight);--awb-text-font-style:var(--awb-typography5-font-style);\"><p><strong>Conservaci\u00f3n de la articulaci\u00f3n de la rodilla:<\/strong> Realizaci\u00f3n de intervenciones quir\u00fargicas complejas de la articulaci\u00f3n de la rodilla centradas en su conservaci\u00f3n.<\/p>\n<\/div><\/div><\/div><\/div><\/div><div id=\"werdegang\" class=\"fusion-container-anchor\"><div class=\"fusion-fullwidth fullwidth-box fusion-builder-row-9 fusion-flex-container has-pattern-background has-mask-background fusion-parallax-none nonhundred-percent-fullwidth non-hundred-percent-height-scrolling\" style=\"--awb-background-position:right center;--awb-background-blend-mode-medium:color-burn;--awb-border-radius-top-left:0px;--awb-border-radius-top-right:0px;--awb-border-radius-bottom-right:0px;--awb-border-radius-bottom-left:0px;--awb-padding-top:75px;--awb-padding-bottom:34px;--awb-background-color:var(--awb-custom_color_3);--awb-background-image:url(&quot;https:\/\/www.benjamin-harfst.de\/wp-content\/uploads\/2024\/02\/Knie-frontal-beige.png&quot;);--awb-background-size:cover;--awb-background-size-small:contain;--awb-flex-wrap:wrap;\" ><div class=\"fusion-builder-row fusion-row fusion-flex-align-items-flex-start fusion-flex-content-wrap\" style=\"max-width:1456px;margin-left: calc(-4% \/ 2 );margin-right: calc(-4% \/ 2 );\"><div class=\"fusion-layout-column fusion_builder_column fusion-builder-column-16 fusion_builder_column_1_1 1_1 fusion-flex-column\" style=\"--awb-bg-size:cover;--awb-width-large:100%;--awb-margin-top-large:0px;--awb-spacing-right-large:1.92%;--awb-margin-bottom-large:20px;--awb-spacing-left-large:1.92%;--awb-width-medium:100%;--awb-order-medium:0;--awb-spacing-right-medium:1.92%;--awb-spacing-left-medium:1.92%;--awb-width-small:100%;--awb-order-small:0;--awb-spacing-right-small:1.92%;--awb-spacing-left-small:1.92%;\"><div class=\"fusion-column-wrapper fusion-column-has-shadow fusion-flex-justify-content-flex-start fusion-content-layout-column\"><div class=\"fusion-title title fusion-title-14 fusion-sep-none fusion-title-text fusion-title-size-two\" style=\"--awb-text-color:var(--awb-color8);--awb-margin-top-small:10px;--awb-margin-right-small:0px;--awb-margin-bottom-small:10px;--awb-margin-left-small:0px;\"><h2 class=\"fusion-title-heading title-heading-left fusion-responsive-typography-calculated\" style=\"margin:0;--fontSize:36;line-height:var(--awb-typography2-line-height);\">Carrera cl\u00ednica<\/h2><\/div><\/div><\/div><div class=\"fusion-layout-column fusion_builder_column fusion-builder-column-17 fusion_builder_column_1_3 1_3 fusion-flex-column\" style=\"--awb-bg-size:cover;--awb-width-large:33.333333333333%;--awb-margin-top-large:0px;--awb-spacing-right-large:5.76%;--awb-margin-bottom-large:20px;--awb-spacing-left-large:5.76%;--awb-width-medium:50%;--awb-order-medium:0;--awb-spacing-right-medium:3.84%;--awb-spacing-left-medium:3.84%;--awb-width-small:100%;--awb-order-small:0;--awb-spacing-right-small:1.92%;--awb-spacing-left-small:1.92%;\"><div class=\"fusion-column-wrapper fusion-column-has-shadow fusion-flex-justify-content-flex-start fusion-content-layout-column\"><div class=\"fusion-text fusion-text-13 fusion-text-no-margin\" style=\"--awb-content-alignment:left;--awb-text-color:var(--awb-color8);--awb-margin-bottom:0px;\"><p>Desde 10\/2023<br \/>\n<b>M\u00e9dico generalista<\/b> Endopr\u00f3tesis y ortopedia deportiva<br \/>\nKAV Ehringshausen<\/p>\n<p>desde 10\/2021<br \/>\n<b>Consultor principal<\/b> Ortopedia \/ Traumatolog\u00eda<br \/>\nCl\u00ednica ortop\u00e9dica ATOS Braunfels<\/p>\n<p>11\/20 - 09\/21<br \/>\n<b>M\u00e9dico jefe<\/b> Ortopedia \/ Traumatolog\u00eda<br \/>\nCl\u00ednica ortop\u00e9dica ATOS Braunfels<\/p>\n<p>07\/20 - 05\/23<br \/>\n<b>Director m\u00e9dico<\/b><br \/>\nATOS MVZ Wetzlar<\/p>\n<p>01\/20 - 10\/20<br \/>\n<b>Especialista<\/b> Ortopedia \/ Traumatolog\u00eda<br \/>\nCl\u00ednica ortop\u00e9dica ATOS Braunfels<\/p>\n<p>08\/18 - 12\/19<br \/>\n<b>Formaci\u00f3n continua<\/b> cirug\u00eda traumatol\u00f3gica especial<br \/>\nHospital del distrito de Weilburg, Dr. med. G. Balser<\/p>\n<\/div><\/div><\/div><div class=\"fusion-layout-column fusion_builder_column fusion-builder-column-18 fusion_builder_column_1_3 1_3 fusion-flex-column\" style=\"--awb-bg-size:cover;--awb-width-large:33.333333333333%;--awb-margin-top-large:0px;--awb-spacing-right-large:5.76%;--awb-margin-bottom-large:20px;--awb-spacing-left-large:5.76%;--awb-width-medium:50%;--awb-order-medium:0;--awb-spacing-right-medium:3.84%;--awb-spacing-left-medium:3.84%;--awb-width-small:100%;--awb-order-small:0;--awb-spacing-right-small:1.92%;--awb-spacing-left-small:1.92%;\"><div class=\"fusion-column-wrapper fusion-column-has-shadow fusion-flex-justify-content-flex-start fusion-content-layout-column\"><div class=\"fusion-text fusion-text-14\" style=\"--awb-text-color:var(--awb-color8);\"><p>05\/16 - 05\/18<br \/>\n<b>Especialista<\/b> Ortopedia \/ Traumatolog\u00eda<br \/>\nCl\u00ednica ortop\u00e9dica ATOS Braunfels, Dr. med. Young,<br \/>\nExamen de especialista el 03.05.2017<\/p>\n<p>12\/13 - 04\/16<br \/>\n<b>Residente<\/b> Ortopedia \/ Traumatolog\u00eda<br \/>\nKlinikum Wetzlar, Prof. Dr. med. J. Schmitt y Priv.-Doz. Dr. med. T. Gausepohl<\/p>\n<p>05\/12 - 11\/13<br \/>\n<b>Residente<\/b> Ortopedia \/ Traumatolog\u00eda<br \/>\nHospital del distrito de Weilburg, Dr. med. G. Balser<\/p>\n<p>05\/10 - 04\/12<br \/>\n<b>Residente<\/b> Cirug\u00eda com\u00fan de tronco \/ Traumatolog\u00eda<br \/>\nCl\u00ednica Helios Bad Schwalbach, Dr med G. Tolksdorff<\/p>\n<p>11\/09 - 04\/10<br \/>\n<b>Residente<\/b> Anestesia<br \/>\nSt. Josefs-Hospital Wiesbaden, Prof. Dr. med. Ensinger<\/p>\n<\/div><\/div><\/div><div class=\"fusion-layout-column fusion_builder_column fusion-builder-column-19 fusion_builder_column_1_1 1_1 fusion-flex-column\" style=\"--awb-bg-size:cover;--awb-width-large:100%;--awb-margin-top-large:0px;--awb-spacing-right-large:1.92%;--awb-margin-bottom-large:20px;--awb-spacing-left-large:1.92%;--awb-width-medium:100%;--awb-order-medium:0;--awb-spacing-right-medium:1.92%;--awb-spacing-left-medium:1.92%;--awb-width-small:100%;--awb-order-small:0;--awb-spacing-right-small:1.92%;--awb-spacing-left-small:1.92%;\"><div class=\"fusion-column-wrapper fusion-column-has-shadow fusion-flex-justify-content-flex-start fusion-content-layout-column\"><div class=\"fusion-title title fusion-title-15 fusion-sep-none fusion-title-text fusion-title-size-two\" style=\"--awb-text-color:var(--awb-color8);--awb-margin-top-small:10px;--awb-margin-right-small:0px;--awb-margin-bottom-small:10px;--awb-margin-left-small:0px;\"><h2 class=\"fusion-title-heading title-heading-left fusion-responsive-typography-calculated\" style=\"margin:0;--fontSize:36;line-height:var(--awb-typography2-line-height);\">Estudiar<\/h2><\/div><\/div><\/div><div class=\"fusion-layout-column fusion_builder_column fusion-builder-column-20 fusion_builder_column_1_3 1_3 fusion-flex-column\" style=\"--awb-bg-size:cover;--awb-width-large:33.333333333333%;--awb-margin-top-large:0px;--awb-spacing-right-large:5.76%;--awb-margin-bottom-large:20px;--awb-spacing-left-large:5.76%;--awb-width-medium:100%;--awb-order-medium:0;--awb-spacing-right-medium:1.92%;--awb-spacing-left-medium:1.92%;--awb-width-small:100%;--awb-order-small:0;--awb-spacing-right-small:1.92%;--awb-spacing-left-small:1.92%;\"><div class=\"fusion-column-wrapper fusion-column-has-shadow fusion-flex-justify-content-flex-start fusion-content-layout-column\"><div class=\"fusion-text fusion-text-15\" style=\"--awb-text-color:var(--awb-color8);\"><p>06\/09 - 07\/11<br \/>\n<b>Estudiante de doctorado<\/b> Radiolog\u00eda pedi\u00e1trica<br \/>\nHospital Universitario de Giessen, Prof. Dr. med. G. Alzen<\/p>\n<p>06\/08 - 12\/08<br \/>\n<b>PJ <\/b>Medicina interna y cirug\u00eda\/cirug\u00eda de accidentes<br \/>\nCl\u00ednica de Wetzlar<\/p>\n<\/div><\/div><\/div><div class=\"fusion-layout-column fusion_builder_column fusion-builder-column-21 fusion_builder_column_1_3 1_3 fusion-flex-column\" style=\"--awb-bg-size:cover;--awb-width-large:33.333333333333%;--awb-margin-top-large:0px;--awb-spacing-right-large:5.76%;--awb-margin-bottom-large:20px;--awb-spacing-left-large:5.76%;--awb-width-medium:50%;--awb-order-medium:0;--awb-spacing-right-medium:3.84%;--awb-spacing-left-medium:3.84%;--awb-width-small:100%;--awb-order-small:0;--awb-spacing-right-small:1.92%;--awb-spacing-left-small:1.92%;\"><div class=\"fusion-column-wrapper fusion-column-has-shadow fusion-flex-justify-content-flex-start fusion-content-layout-column\"><div class=\"fusion-text fusion-text-16\" style=\"--awb-text-color:var(--awb-color8);\"><p><span style=\"color: var(--awb-text-color); font-family: var(--awb-text-font-family); font-size: var(--awb-font-size); font-style: var(--awb-text-font-style); font-weight: var(--awb-text-font-weight); letter-spacing: var(--awb-letter-spacing); text-align: var(--awb-content-alignment); text-transform: var(--awb-text-transform); background-color: var(--awb-bg-color-hover);\">02\/08 - 06\/08<br \/>\n<\/span><b style=\"color: var(--awb-text-color); font-family: var(--awb-text-font-family); font-size: var(--awb-font-size); font-style: var(--awb-text-font-style); letter-spacing: var(--awb-letter-spacing); text-align: var(--awb-content-alignment); text-transform: var(--awb-text-transform); background-color: var(--awb-bg-color-hover);\">PJ<\/b><span style=\"color: var(--awb-text-color); font-family: var(--awb-text-font-family); font-size: var(--awb-font-size); font-style: var(--awb-text-font-style); font-weight: var(--awb-text-font-weight); letter-spacing: var(--awb-letter-spacing); text-align: var(--awb-content-alignment); text-transform: var(--awb-text-transform); background-color: var(--awb-bg-color-hover);\"> Ortopedia<br \/>\n<\/span><span style=\"color: var(--awb-text-color); font-family: var(--awb-text-font-family); font-size: var(--awb-font-size); font-style: var(--awb-text-font-style); font-weight: var(--awb-text-font-weight); letter-spacing: var(--awb-letter-spacing); text-align: var(--awb-content-alignment); text-transform: var(--awb-text-transform); background-color: var(--awb-bg-color-hover);\">Hospital Universitario de Tribhuvan, Katmand\u00fa\/Nepal<\/span><\/p>\n<p>04\/03 - 06\/09<br \/>\n<b>Estudios m\u00e9dicos<\/b> en la Universidad Justus Liebig de Giessen<br \/>\nExamen de Estado y licencia para ejercer la medicina<\/p>\n<\/div><\/div><\/div><\/div><\/div><\/div><div class=\"fusion-fullwidth fullwidth-box fusion-builder-row-10 fusion-flex-container has-pattern-background has-mask-background nonhundred-percent-fullwidth non-hundred-percent-height-scrolling\" style=\"--awb-border-radius-top-left:0px;--awb-border-radius-top-right:0px;--awb-border-radius-bottom-right:0px;--awb-border-radius-bottom-left:0px;--awb-padding-top:75px;--awb-padding-bottom:0px;--awb-padding-top-medium:50px;--awb-padding-top-small:50px;--awb-background-color:var(--awb-custom_color_4);--awb-flex-wrap:wrap;\" ><div class=\"fusion-builder-row fusion-row fusion-flex-align-items-center fusion-flex-content-wrap\" style=\"max-width:1456px;margin-left: calc(-4% \/ 2 );margin-right: calc(-4% \/ 2 );\"><div class=\"fusion-layout-column fusion_builder_column fusion-builder-column-22 fusion_builder_column_1_3 1_3 fusion-flex-column\" style=\"--awb-bg-color:var(--awb-custom_color_4);--awb-bg-color-hover:var(--awb-custom_color_4);--awb-bg-size:cover;--awb-width-large:33.333333333333%;--awb-margin-top-large:0px;--awb-spacing-right-large:0px;--awb-margin-bottom-large:0px;--awb-spacing-left-large:0px;--awb-width-medium:50%;--awb-order-medium:0;--awb-spacing-right-medium:0px;--awb-spacing-left-medium:0px;--awb-width-small:100%;--awb-order-small:2;--awb-spacing-right-small:1.92%;--awb-spacing-left-small:1.92%;\"><div class=\"fusion-column-wrapper fusion-column-has-shadow fusion-flex-justify-content-flex-start fusion-content-layout-column\"><div class=\"fusion-image-element\" style=\"--awb-caption-title-font-family:var(--h2_typography-font-family);--awb-caption-title-font-weight:var(--h2_typography-font-weight);--awb-caption-title-font-style:var(--h2_typography-font-style);--awb-caption-title-size:var(--h2_typography-font-size);--awb-caption-title-transform:var(--h2_typography-text-transform);--awb-caption-title-line-height:var(--h2_typography-line-height);--awb-caption-title-letter-spacing:var(--h2_typography-letter-spacing);\"><span class=\"fusion-imageframe imageframe-none imageframe-3 hover-type-none\"><img decoding=\"async\" width=\"1920\" height=\"2020\" title=\"Mapa de carreteras de Ehringshausen\" src=\"https:\/\/www.benjamin-harfst.de\/wp-content\/uploads\/2026\/02\/Strassenkarte-Ehringshausen.svg\" alt class=\"img-responsive wp-image-471\"\/><\/span><\/div><\/div><\/div><div class=\"fusion-layout-column fusion_builder_column fusion-builder-column-23 fusion_builder_column_1_3 1_3 fusion-flex-column\" style=\"--awb-bg-size:cover;--awb-width-large:33.333333333333%;--awb-margin-top-large:0px;--awb-spacing-right-large:5.76%;--awb-margin-bottom-large:20px;--awb-spacing-left-large:0%;--awb-width-medium:50%;--awb-order-medium:0;--awb-spacing-right-medium:3.84%;--awb-spacing-left-medium:0%;--awb-width-small:100%;--awb-order-small:0;--awb-spacing-right-small:1.92%;--awb-spacing-left-small:1.92%;\"><div class=\"fusion-column-wrapper fusion-column-has-shadow fusion-flex-justify-content-flex-start fusion-content-layout-column\"><div class=\"fusion-title title fusion-title-16 fusion-sep-none fusion-title-text fusion-title-size-two\" style=\"--awb-text-color:var(--awb-color8);--awb-margin-bottom:30px;--awb-margin-top-small:10px;--awb-margin-right-small:0px;--awb-margin-bottom-small:10px;--awb-margin-left-small:0px;\"><h2 class=\"fusion-title-heading title-heading-left fusion-responsive-typography-calculated\" style=\"margin:0;--fontSize:36;line-height:var(--awb-typography2-line-height);\">Direcci\u00f3n de la consulta<\/h2><\/div><div class=\"fusion-text fusion-text-17\"><p><span style=\"letter-spacing: 0.27px; background-color: rgba(0, 0, 0, 0);\">En los locales de la<br \/>\n<\/span><\/p>\n<p><span style=\"letter-spacing: 0.27px; background-color: rgba(0, 0, 0, 0);\">Consulta de ortopedia Dr. Georg Springmann<br \/>\n<\/span><span style=\"background-color: rgba(0, 0, 0, 0); letter-spacing: 0.27px;\">en el hospital KAV Ehringshausen<\/span><\/p>\n<p><span style=\"letter-spacing: 0.27px; background-color: rgba(0, 0, 0, 0);\"><b>Stegwiese 27, 35630 Ehringshausen, 1\u00aa planta<\/b><\/span><\/p>\n<\/div><\/div><\/div><div class=\"fusion-layout-column fusion_builder_column fusion-builder-column-24 fusion_builder_column_1_3 1_3 fusion-flex-column\" style=\"--awb-bg-size:cover;--awb-width-large:33.333333333333%;--awb-margin-top-large:0px;--awb-spacing-right-large:5.76%;--awb-margin-bottom-large:20px;--awb-spacing-left-large:0%;--awb-width-medium:50%;--awb-order-medium:0;--awb-spacing-right-medium:3.84%;--awb-spacing-left-medium:0%;--awb-width-small:100%;--awb-order-small:0;--awb-spacing-right-small:1.92%;--awb-spacing-left-small:1.92%;\"><div class=\"fusion-column-wrapper fusion-column-has-shadow fusion-flex-justify-content-flex-start fusion-content-layout-column\"><div class=\"fusion-title title fusion-title-17 fusion-sep-none fusion-title-text fusion-title-size-two\" style=\"--awb-text-color:var(--awb-color8);--awb-margin-bottom:30px;--awb-margin-top-small:10px;--awb-margin-right-small:0px;--awb-margin-bottom-small:10px;--awb-margin-left-small:0px;\"><h2 class=\"fusion-title-heading title-heading-left fusion-responsive-typography-calculated\" style=\"margin:0;--fontSize:36;line-height:var(--awb-typography2-line-height);\">PLAZAS DE APARCAMIENTO<\/h2><\/div><div class=\"fusion-text fusion-text-18\"><p>En el hospital: aparcamiento sin barreras muy peque\u00f1o (para personas con movilidad reducida o como aparcamiento de corta estancia).<\/p>\n<p>Alternativa: aparcamiento municipal detr\u00e1s del ayuntamiento (Kirchberg, esquina con Ihringstra\u00dfe, 35630 Ehringshausen), a unos 5 minutos a pie (no sin barreras).<\/p>\n<p>&nbsp;<\/p>\n<\/div><\/div><\/div><\/div><\/div><\/p>","protected":false},"excerpt":{"rendered":"","protected":false},"author":1,"featured_media":105,"parent":0,"menu_order":0,"comment_status":"closed","ping_status":"closed","template":"100-width.php","meta":{"footnotes":""},"class_list":["post-12","page","type-page","status-publish","has-post-thumbnail","hentry"],"yoast_head":"<!-- This site is optimized with the Yoast SEO plugin v27.1.1 - https:\/\/yoast.com\/product\/yoast-seo-wordpress\/ -->\n<title>Dr. med.\u00a0Benjamin Harfst || Orthop\u00e4de, Zertifizierter Kniechirurg &amp; Unfallchirurg in Wetzlar -<\/title>\n<meta name=\"description\" content=\"Orthop\u00e4de, Zertifizierter Kniechirurg &amp; Unfallchirurg in Ehringshausen\" \/>\n<meta name=\"robots\" content=\"index, follow, max-snippet:-1, max-image-preview:large, max-video-preview:-1\" \/>\n<link rel=\"canonical\" href=\"https:\/\/www.benjamin-harfst.de\/es\/\" \/>\n<meta property=\"og:locale\" content=\"es_ES\" \/>\n<meta property=\"og:type\" content=\"article\" \/>\n<meta property=\"og:title\" content=\"Dr. med.\u00a0Benjamin Harfst || Orthop\u00e4de, Zertifizierter Kniechirurg &amp; Unfallchirurg in Wetzlar -\" \/>\n<meta property=\"og:description\" content=\"Orthop\u00e4de, Zertifizierter Kniechirurg &amp; Unfallchirurg in Ehringshausen\" \/>\n<meta property=\"og:url\" content=\"https:\/\/www.benjamin-harfst.de\/es\/\" \/>\n<meta property=\"og:site_name\" content=\"Dr. med.\u00a0Benjamin Harfst\" \/>\n<meta property=\"article:modified_time\" content=\"2026-02-13T11:20:23+00:00\" \/>\n<meta property=\"og:image\" content=\"https:\/\/www.benjamin-harfst.de\/wp-content\/uploads\/2023\/07\/Dr.BenjaminHarfst.jpg\" \/>\n\t<meta property=\"og:image:width\" content=\"396\" \/>\n\t<meta property=\"og:image:height\" content=\"396\" \/>\n\t<meta property=\"og:image:type\" content=\"image\/jpeg\" \/>\n<meta name=\"twitter:card\" content=\"summary_large_image\" \/>\n<meta name=\"twitter:label1\" content=\"Tiempo de lectura\" \/>\n\t<meta name=\"twitter:data1\" content=\"5 minutos\" \/>\n<script type=\"application\/ld+json\" class=\"yoast-schema-graph\">{\"@context\":\"https:\/\/schema.org\",\"@graph\":[{\"@type\":\"WebPage\",\"@id\":\"https:\/\/www.benjamin-harfst.de\/\",\"url\":\"https:\/\/www.benjamin-harfst.de\/\",\"name\":\"Dr. med.\u00a0Benjamin Harfst || Orthop\u00e4de, Zertifizierter Kniechirurg & Unfallchirurg in Wetzlar -\",\"isPartOf\":{\"@id\":\"https:\/\/www.benjamin-harfst.de\/#website\"},\"primaryImageOfPage\":{\"@id\":\"https:\/\/www.benjamin-harfst.de\/#primaryimage\"},\"image\":{\"@id\":\"https:\/\/www.benjamin-harfst.de\/#primaryimage\"},\"thumbnailUrl\":\"https:\/\/www.benjamin-harfst.de\/wp-content\/uploads\/2023\/07\/Dr.BenjaminHarfst.jpg\",\"datePublished\":\"2023-07-25T15:10:53+00:00\",\"dateModified\":\"2026-02-13T11:20:23+00:00\",\"description\":\"Orthop\u00e4de, Zertifizierter Kniechirurg & Unfallchirurg in Ehringshausen\",\"breadcrumb\":{\"@id\":\"https:\/\/www.benjamin-harfst.de\/#breadcrumb\"},\"inLanguage\":\"es\",\"potentialAction\":[{\"@type\":\"ReadAction\",\"target\":[\"https:\/\/www.benjamin-harfst.de\/\"]}]},{\"@type\":\"ImageObject\",\"inLanguage\":\"es\",\"@id\":\"https:\/\/www.benjamin-harfst.de\/#primaryimage\",\"url\":\"https:\/\/www.benjamin-harfst.de\/wp-content\/uploads\/2023\/07\/Dr.BenjaminHarfst.jpg\",\"contentUrl\":\"https:\/\/www.benjamin-harfst.de\/wp-content\/uploads\/2023\/07\/Dr.BenjaminHarfst.jpg\",\"width\":396,\"height\":396},{\"@type\":\"BreadcrumbList\",\"@id\":\"https:\/\/www.benjamin-harfst.de\/#breadcrumb\",\"itemListElement\":[{\"@type\":\"ListItem\",\"position\":1,\"name\":\"Startseite\",\"item\":\"https:\/\/www.benjamin-harfst.de\/\"},{\"@type\":\"ListItem\",\"position\":2,\"name\":\"Orthop\u00e4de, Zertifizierter Kniechirurg &#038; Unfallchirurg in Wetzlar\"}]},{\"@type\":\"WebSite\",\"@id\":\"https:\/\/www.benjamin-harfst.de\/#website\",\"url\":\"https:\/\/www.benjamin-harfst.de\/\",\"name\":\"Dr. med.\u00a0Benjamin Harfst\",\"description\":\"Orthop\u00e4de \u2013 zertifizierter Kniechirurg \u2013 Unfallchirurg  ||  WETZLAR\",\"potentialAction\":[{\"@type\":\"SearchAction\",\"target\":{\"@type\":\"EntryPoint\",\"urlTemplate\":\"https:\/\/www.benjamin-harfst.de\/?s={search_term_string}\"},\"query-input\":{\"@type\":\"PropertyValueSpecification\",\"valueRequired\":true,\"valueName\":\"search_term_string\"}}],\"inLanguage\":\"es\"}]}<\/script>\n<!-- \/ Yoast SEO plugin. -->","yoast_head_json":{"title":"Dr. med.\u00a0Benjamin Harfst || Orthop\u00e4de, Zertifizierter Kniechirurg & Unfallchirurg in Wetzlar -","description":"Orthop\u00e4de, Zertifizierter Kniechirurg & Unfallchirurg in Ehringshausen","robots":{"index":"index","follow":"follow","max-snippet":"max-snippet:-1","max-image-preview":"max-image-preview:large","max-video-preview":"max-video-preview:-1"},"canonical":"https:\/\/www.benjamin-harfst.de\/es\/","og_locale":"es_ES","og_type":"article","og_title":"Dr. med.\u00a0Benjamin Harfst || Orthop\u00e4de, Zertifizierter Kniechirurg & Unfallchirurg in Wetzlar -","og_description":"Orthop\u00e4de, Zertifizierter Kniechirurg & Unfallchirurg in Ehringshausen","og_url":"https:\/\/www.benjamin-harfst.de\/es\/","og_site_name":"Dr. med.\u00a0Benjamin Harfst","article_modified_time":"2026-02-13T11:20:23+00:00","og_image":[{"width":396,"height":396,"url":"https:\/\/www.benjamin-harfst.de\/wp-content\/uploads\/2023\/07\/Dr.BenjaminHarfst.jpg","type":"image\/jpeg"}],"twitter_card":"summary_large_image","twitter_misc":{"Tiempo de lectura":"5 minutos"},"schema":{"@context":"https:\/\/schema.org","@graph":[{"@type":"WebPage","@id":"https:\/\/www.benjamin-harfst.de\/","url":"https:\/\/www.benjamin-harfst.de\/","name":"Dr. med.\u00a0Benjamin Harfst || Orthop\u00e4de, Zertifizierter Kniechirurg & Unfallchirurg in Wetzlar -","isPartOf":{"@id":"https:\/\/www.benjamin-harfst.de\/#website"},"primaryImageOfPage":{"@id":"https:\/\/www.benjamin-harfst.de\/#primaryimage"},"image":{"@id":"https:\/\/www.benjamin-harfst.de\/#primaryimage"},"thumbnailUrl":"https:\/\/www.benjamin-harfst.de\/wp-content\/uploads\/2023\/07\/Dr.BenjaminHarfst.jpg","datePublished":"2023-07-25T15:10:53+00:00","dateModified":"2026-02-13T11:20:23+00:00","description":"Orthop\u00e4de, Zertifizierter Kniechirurg & Unfallchirurg in Ehringshausen","breadcrumb":{"@id":"https:\/\/www.benjamin-harfst.de\/#breadcrumb"},"inLanguage":"es","potentialAction":[{"@type":"ReadAction","target":["https:\/\/www.benjamin-harfst.de\/"]}]},{"@type":"ImageObject","inLanguage":"es","@id":"https:\/\/www.benjamin-harfst.de\/#primaryimage","url":"https:\/\/www.benjamin-harfst.de\/wp-content\/uploads\/2023\/07\/Dr.BenjaminHarfst.jpg","contentUrl":"https:\/\/www.benjamin-harfst.de\/wp-content\/uploads\/2023\/07\/Dr.BenjaminHarfst.jpg","width":396,"height":396},{"@type":"BreadcrumbList","@id":"https:\/\/www.benjamin-harfst.de\/#breadcrumb","itemListElement":[{"@type":"ListItem","position":1,"name":"Startseite","item":"https:\/\/www.benjamin-harfst.de\/"},{"@type":"ListItem","position":2,"name":"Orthop\u00e4de, Zertifizierter Kniechirurg &#038; Unfallchirurg in Wetzlar"}]},{"@type":"WebSite","@id":"https:\/\/www.benjamin-harfst.de\/#website","url":"https:\/\/www.benjamin-harfst.de\/","name":"Dr. Benjamin Harfst","description":"Orthop\u00e4de \u2013 zertifizierter Kniechirurg \u2013 Unfallchirurg  ||  WETZLAR","potentialAction":[{"@type":"SearchAction","target":{"@type":"EntryPoint","urlTemplate":"https:\/\/www.benjamin-harfst.de\/?s={search_term_string}"},"query-input":{"@type":"PropertyValueSpecification","valueRequired":true,"valueName":"search_term_string"}}],"inLanguage":"es"}]}},"_links":{"self":[{"href":"https:\/\/www.benjamin-harfst.de\/es\/wp-json\/wp\/v2\/pages\/12","targetHints":{"allow":["GET"]}}],"collection":[{"href":"https:\/\/www.benjamin-harfst.de\/es\/wp-json\/wp\/v2\/pages"}],"about":[{"href":"https:\/\/www.benjamin-harfst.de\/es\/wp-json\/wp\/v2\/types\/page"}],"author":[{"embeddable":true,"href":"https:\/\/www.benjamin-harfst.de\/es\/wp-json\/wp\/v2\/users\/1"}],"replies":[{"embeddable":true,"href":"https:\/\/www.benjamin-harfst.de\/es\/wp-json\/wp\/v2\/comments?post=12"}],"version-history":[{"count":293,"href":"https:\/\/www.benjamin-harfst.de\/es\/wp-json\/wp\/v2\/pages\/12\/revisions"}],"predecessor-version":[{"id":474,"href":"https:\/\/www.benjamin-harfst.de\/es\/wp-json\/wp\/v2\/pages\/12\/revisions\/474"}],"wp:featuredmedia":[{"embeddable":true,"href":"https:\/\/www.benjamin-harfst.de\/es\/wp-json\/wp\/v2\/media\/105"}],"wp:attachment":[{"href":"https:\/\/www.benjamin-harfst.de\/es\/wp-json\/wp\/v2\/media?parent=12"}],"curies":[{"name":"wp","href":"https:\/\/api.w.org\/{rel}","templated":true}]}}